{"id":3420,"date":"2026-08-11T16:11:44","date_gmt":"2026-08-11T20:11:44","guid":{"rendered":"https:\/\/ecomusee.qc.ca\/?post_type=programmation&#038;p=3420"},"modified":"2026-08-19T10:06:39","modified_gmt":"2026-08-19T14:06:39","slug":"benefit-auction-2026-3","status":"publish","type":"programmation","link":"https:\/\/ecomusee.qc.ca\/en\/programmation\/benefit-auction-2026-3\/","title":{"rendered":"Panel and Public Debate"},"content":{"rendered":"<div class=\"htb htb-hero   default-margin-top  default-margin-bottom  bg-color color-none  htb-uid-1  \" >\n\t<div class=\"spacer-menu\"><\/div>\n\t<div class=\"container-fluid\">\n\t\t<div class=\"row\">\n\t\t\t<div class=\"col-12 \">\n\t\t\t\t<div class=\"content-box\">\n\t\t\t\t\t<div class=\"ico-cat-box\">\n\t\t\t\t\t\t<div class=\"ico-box\" data-aos=\"fade\" data-aos-delay=\"200\">\n\t\t\t\t\t\t\t<img decoding=\"async\" src=\"\" alt=\"\" class=\"img-fluid\">\n\t\t\t\t\t\t<\/div>\n                                                                            <div class=\"cat-box\" data-aos=\"fade\" data-aos-delay=\"250\">\n                                                            <div class=\"cat-single-box\"><span>Activity<\/span><\/div>\n                                                        <\/div>\t\t\t\t\t<\/div>\n\n\t\t\t\t\t<div class=\"title-box-hero\" data-aos=\"fade\" data-aos-delay=\"300\">\n\t\t\t\t\t\t\t\t<h1 >Vers un Qu\u00e9bec sans faim: Panel and Public Debate <\/h1>\n\t\t\t\t\t\t<\/div>\n\t\t\t\t\t\t\t\t\t\t<div class=\"content-top\"  data-aos=\"fade\" data-aos-delay=\"500\">\n\t\t\t\t\t\t\t\t\t\t\t\t\t\t\t\t\t\t\t<div class=\"heures-box\">September 13, 2026<\/div>\n\t\t\t\t\t\t\t\t\t\t\t<\/div>\n\t\t\t\t\t\t\t\t\t\t\t<div class=\"img-box\" data-aos=\"fade\" data-aos-delay=\"550\">\n\t\t\t\t\t\t\t<img decoding=\"async\" src=\"https:\/\/ecomusee.qc.ca\/wp-content\/uploads\/2026\/08\/photodaphneebouchard-62.jpg\" alt=\"\" class=\"img-fluid\" data-credit=\"\">\n<!--\t\t\t\t\t\t\t<div class=\"credits-box\"><span>--><!--<\/span><\/div>-->\n\t\t\t\t\t\t<\/div>\n\t\t\t\t\t\t\t\t\t<\/div>\n\t\t\t<\/div>\n\t\t<\/div>\n\t<\/div>\n<\/div>\n<div class='htb htb-bootstrap-container '><div class=\"wp-bootstrap-blocks-container container-xxl mb-0\">\n\t\n<div class=\"wp-bootstrap-blocks-row row\">\n\t\n\n<div class=\"col-12 col-xxl-1\">\n\t\t\t\t<\/div>\n\n\n\n<div class=\"col-12 col-lg-6 col-xl-5\">\n\t\t\t\n\n<h2 class=\"wp-block-heading\">About<\/h2>\n\n\t<\/div>\n\n\n\n<div class=\"col-12 col-xl-5\">\n\t\t\t\n\n<p class=\"wp-block-paragraph\">Presented as part of our exhibition <em><a href=\"https:\/\/ecomusee.qc.ca\/en\/programmation\/quebec-sans-faim\/\">Vers un Qu\u00e9bec sans faim!<\/a><\/em>, you are invited to attend a panel discussion of experts on food systems and rights followed by an electoral debate between candidates representing major parties in the upcoming provincial election.<\/p>\n\n\n\n<ul class=\"wp-block-list\">\n<li>Panel: 1 p.m.<\/li>\n\n\n\n<li>Debate: 3 p.m.<\/li>\n<\/ul>\n\n\t<\/div>\n\n\n\n<div class=\"col-12\">\n\t\t\t\n<div class=\"htb htb-espacement-custom espacement-primary   default-margin-top  default-margin-bottom  bg-color color-Choose  htb-uid-2 \" ><\/div>\n\t<\/div>\n\n<\/div>\n\n<\/div>\n<\/div><div class='htb htb-bootstrap-container '><div class=\"wp-bootstrap-blocks-container container-xxl mb-0\">\n\t\n<div class=\"wp-bootstrap-blocks-row row\">\n\t\n\n<div class=\"col-12 col-xxl-1\">\n\t\t\t\t<\/div>\n\n\n\n<div class=\"col-12 col-lg-6 col-xl-5\">\n\t\t\t\n\n<h2 class=\"wp-block-heading\">The Panelists <\/h2>\n\n\t<\/div>\n\n\n\n<div class=\"col-12 col-xl-5\">\n\t\t\t\n\n<p class=\"wp-block-paragraph\"><strong>Jessica Dufresne<\/strong><\/p>\n\n\n\n<p class=\"wp-block-paragraph\">Jessica Dufresne holds a Doctorate in Law from the University of Ottawa and has been campaigning for many years for the recognition of the right to food and nutrition in Quebec. A lecturer, researcher and community worker, Dufresne\u2019s work is driven by a dual expertise which is both academic and practical. Her main research focus is on the transition of food systems, and understands the notion of food as a right as being the key to achieve positive transformation.   <\/p>\n\n\n\n<p class=\"wp-block-paragraph\"><strong>Alexandra Otis<\/strong><\/p>\n\n\n\n<p class=\"wp-block-paragraph\">Alexandra Otis is a registered dietitian (Dt.P.) and holds a master\u2019s degree in public health with a specialization in global health from the School of Public Health at the University of Montreal (M.Sc., ESPUM). A doctoral candidate in public health (with a focus on global health), her research interests include social justice, health equity, migration, and food security.  <\/p>\n\n\n\n<p class=\"wp-block-paragraph\"><strong>Jean-Philippe Laperri\u00e8re<\/strong><\/p>\n\n\n\n<p class=\"wp-block-paragraph\">Doctor of Sociology (UQAM) Jean-Philippe Laperri\u00e8re is recognized as an expert in the field of food security. He has been a lecturer in the Department of Urban and Tourism Studies at UQAM, and is currently the Executive Director of the Table de concertation sur la faim et le d\u00e9veloppement social du Montr\u00e9al m\u00e9tropolitain (The Council Table on Hunger and Social Development of Metropolitan Montr\u00e9al). <\/p>\n\n\n\n<p class=\"wp-block-paragraph\"><strong>Michel R. Saint-Pierre<\/strong><\/p>\n\n\n\n<p class=\"wp-block-paragraph\">Michel R. Saint-Pierre is an agronomist. Former deputy minister of the Ministry of Agriculture, Fisheries and Food and co-president of the Jean-Garon Institute, he has played a key role in the development of Quebec agricultural institutions. <\/p>\n\n\t<\/div>\n\n\n\n<div class=\"col-12\">\n\t\t\t\n<div class=\"htb htb-espacement-custom espacement-primary   default-margin-top  default-margin-bottom  bg-color color-Choose  htb-uid-3 \" ><\/div>\n\t<\/div>\n\n<\/div>\n\n<\/div>\n<\/div><div class=\"htb htb-liste-posts-simple   default-margin-top  default-margin-bottom  bg-color color-Choose  htb-uid-4 \" >\n\t\t<div class=\"container-xxl htb_intro_container\">\n\t\t<div class=\"row justify-content-center\">\n\t\t\t<div class=\"col-xl-8 col-xxxl-6 col-intro\">\n\t\t\t\t\t\t\t\t\t<div class=\"title-box\" data-aos=\"fade-zoom-in\" data-aos-easing=\"ease-in-back\" data-aos-delay=\"50\" data-aos-offset=\"0\">\n\t\t\t\t\t\t\t\t<h2 >Program<\/h2>\n\t\t\t\t\t\t<\/div>\n\t\t\t\t\t\t\t\t\t\t\t\t<div class=\"bts-box\"><\/div>\n\t\t\t<\/div>\n\t\t<\/div>\n\t<\/div>\n\t<div class=\"container-fluid\">\n\t\t<div class=\"row posts-container\">\n\t\t\t\t\t\t\t<div class=\"btn-box\">\t<a class=\"btn btn-primary\" href=\"https:\/\/ecomusee.qc.ca\/en\/program\/\" target=\"\" title=\"Program\"  ><span><span>See the full program<\/span><\/span><\/a>\n\t<\/div>\t\t<\/div>\n\t<\/div>\n<\/div>","protected":false},"excerpt":{"rendered":"<p>Presented as part of our exhibition Vers un Qu\u00e9bec sans faim!, you are invited to attend a panel discussion of experts on food systems and rights followed by an electoral debate between candidates representing major parties in the upcoming provincial election.<\/p>\n","protected":false},"featured_media":3424,"template":"","programmation-categories":[57],"programmation-horaire":[60],"class_list":["post-3420","programmation","type-programmation","status-publish","has-post-thumbnail","hentry"],"acf":[],"yoast_head":"<!-- This site is optimized with the Yoast SEO plugin v28.3 - https:\/\/yoast.com\/product\/yoast-seo-wordpress\/ -->\n<title>Panel and Public Debate &#8211; \u00c9comus\u00e9e du fier monde<\/title>\n<meta name=\"description\" content=\"Presented as part of our exhibition Vers un Qu\u00e9bec sans faim!, you are invited to attend a panel discussion of experts on food systems and rights followed by an electoral debate between candidates representing major parties in the upcoming provincial election.\" \/>\n<meta name=\"robots\" content=\"index, follow, max-snippet:-1, max-image-preview:large, max-video-preview:-1\" \/>\n<link rel=\"canonical\" href=\"https:\/\/ecomusee.qc.ca\/en\/programmation\/benefit-auction-2026-3\/\" \/>\n<meta property=\"og:locale\" content=\"en_US\" \/>\n<meta property=\"og:type\" content=\"article\" \/>\n<meta property=\"og:title\" content=\"Panel and Public Debate &#8211; \u00c9comus\u00e9e du fier monde\" \/>\n<meta property=\"og:description\" content=\"Presented as part of our exhibition Vers un Qu\u00e9bec sans faim!, you are invited to attend a panel discussion of experts on food systems and rights followed by an electoral debate between candidates representing major parties in the upcoming provincial election.\" \/>\n<meta property=\"og:url\" content=\"https:\/\/ecomusee.qc.ca\/en\/programmation\/benefit-auction-2026-3\/\" \/>\n<meta property=\"og:site_name\" content=\"\u00c9comus\u00e9e du fier monde\" \/>\n<meta property=\"article:publisher\" content=\"https:\/\/www.facebook.com\/Ecomuseedufiermonde\" \/>\n<meta property=\"article:modified_time\" content=\"2026-08-19T14:06:39+00:00\" \/>\n<meta property=\"og:image\" content=\"https:\/\/ecomusee.qc.ca\/wp-content\/uploads\/2026\/08\/photodaphneebouchard-62.jpg\" \/>\n\t<meta property=\"og:image:width\" content=\"2560\" \/>\n\t<meta property=\"og:image:height\" content=\"1703\" \/>\n\t<meta property=\"og:image:type\" content=\"image\/jpeg\" \/>\n<meta name=\"twitter:card\" content=\"summary_large_image\" \/>\n<meta name=\"twitter:label1\" content=\"Est. reading time\" \/>\n\t<meta name=\"twitter:data1\" content=\"2 minutes\" \/>\n<script type=\"application\/ld+json\" class=\"yoast-schema-graph\">{\"@context\":\"https:\\\/\\\/schema.org\",\"@graph\":[{\"@type\":\"WebPage\",\"@id\":\"https:\\\/\\\/ecomusee.qc.ca\\\/en\\\/programmation\\\/benefit-auction-2026-3\\\/\",\"url\":\"https:\\\/\\\/ecomusee.qc.ca\\\/en\\\/programmation\\\/benefit-auction-2026-3\\\/\",\"name\":\"Panel and Public Debate &#8211; \u00c9comus\u00e9e du fier monde\",\"isPartOf\":{\"@id\":\"https:\\\/\\\/ecomusee.qc.ca\\\/en\\\/#website\"},\"primaryImageOfPage\":{\"@id\":\"https:\\\/\\\/ecomusee.qc.ca\\\/en\\\/programmation\\\/benefit-auction-2026-3\\\/#primaryimage\"},\"image\":{\"@id\":\"https:\\\/\\\/ecomusee.qc.ca\\\/en\\\/programmation\\\/benefit-auction-2026-3\\\/#primaryimage\"},\"thumbnailUrl\":\"https:\\\/\\\/ecomusee.qc.ca\\\/wp-content\\\/uploads\\\/2026\\\/08\\\/photodaphneebouchard-62.jpg\",\"datePublished\":\"2026-08-11T20:11:44+00:00\",\"dateModified\":\"2026-08-19T14:06:39+00:00\",\"description\":\"Presented as part of our exhibition Vers un Qu\u00e9bec sans faim!, you are invited to attend a panel discussion of experts on food systems and rights followed by an electoral debate between candidates representing major parties in the upcoming provincial election.\",\"breadcrumb\":{\"@id\":\"https:\\\/\\\/ecomusee.qc.ca\\\/en\\\/programmation\\\/benefit-auction-2026-3\\\/#breadcrumb\"},\"inLanguage\":\"en-US\",\"potentialAction\":[{\"@type\":\"ReadAction\",\"target\":[\"https:\\\/\\\/ecomusee.qc.ca\\\/en\\\/programmation\\\/benefit-auction-2026-3\\\/\"]}]},{\"@type\":\"ImageObject\",\"inLanguage\":\"en-US\",\"@id\":\"https:\\\/\\\/ecomusee.qc.ca\\\/en\\\/programmation\\\/benefit-auction-2026-3\\\/#primaryimage\",\"url\":\"https:\\\/\\\/ecomusee.qc.ca\\\/wp-content\\\/uploads\\\/2026\\\/08\\\/photodaphneebouchard-62.jpg\",\"contentUrl\":\"https:\\\/\\\/ecomusee.qc.ca\\\/wp-content\\\/uploads\\\/2026\\\/08\\\/photodaphneebouchard-62.jpg\",\"width\":2560,\"height\":1703},{\"@type\":\"BreadcrumbList\",\"@id\":\"https:\\\/\\\/ecomusee.qc.ca\\\/en\\\/programmation\\\/benefit-auction-2026-3\\\/#breadcrumb\",\"itemListElement\":[{\"@type\":\"ListItem\",\"position\":1,\"name\":\"Home\",\"item\":\"https:\\\/\\\/ecomusee.qc.ca\\\/en\\\/\"},{\"@type\":\"ListItem\",\"position\":2,\"name\":\"Panel and Public Debate\"}]},{\"@type\":\"WebSite\",\"@id\":\"https:\\\/\\\/ecomusee.qc.ca\\\/en\\\/#website\",\"url\":\"https:\\\/\\\/ecomusee.qc.ca\\\/en\\\/\",\"name\":\"\u00c9comus\u00e9e du fier monde\",\"description\":\"History &amp; community museum\",\"publisher\":{\"@id\":\"https:\\\/\\\/ecomusee.qc.ca\\\/en\\\/#organization\"},\"potentialAction\":[{\"@type\":\"SearchAction\",\"target\":{\"@type\":\"EntryPoint\",\"urlTemplate\":\"https:\\\/\\\/ecomusee.qc.ca\\\/en\\\/?s={search_term_string}\"},\"query-input\":{\"@type\":\"PropertyValueSpecification\",\"valueRequired\":true,\"valueName\":\"search_term_string\"}}],\"inLanguage\":\"en-US\"},{\"@type\":\"Organization\",\"@id\":\"https:\\\/\\\/ecomusee.qc.ca\\\/en\\\/#organization\",\"name\":\"\u00c9comus\u00e9e du fier monde\",\"url\":\"https:\\\/\\\/ecomusee.qc.ca\\\/en\\\/\",\"logo\":{\"@type\":\"ImageObject\",\"inLanguage\":\"en-US\",\"@id\":\"https:\\\/\\\/ecomusee.qc.ca\\\/en\\\/#\\\/schema\\\/logo\\\/image\\\/\",\"url\":\"https:\\\/\\\/ecomusee.qc.ca\\\/wp-content\\\/uploads\\\/2026\\\/04\\\/emfm-logo-rvb-horizontal-noir.png\",\"contentUrl\":\"https:\\\/\\\/ecomusee.qc.ca\\\/wp-content\\\/uploads\\\/2026\\\/04\\\/emfm-logo-rvb-horizontal-noir.png\",\"width\":2205,\"height\":444,\"caption\":\"\u00c9comus\u00e9e du fier monde\"},\"image\":{\"@id\":\"https:\\\/\\\/ecomusee.qc.ca\\\/en\\\/#\\\/schema\\\/logo\\\/image\\\/\"},\"sameAs\":[\"https:\\\/\\\/www.facebook.com\\\/Ecomuseedufiermonde\",\"https:\\\/\\\/www.instagram.com\\\/ecomusee.dufiermonde\\\/\",\"https:\\\/\\\/bsky.app\\\/profile\\\/ecomuseefiermonde.bsky.social\",\"https:\\\/\\\/www.youtube.com\\\/Ecomuseedufiermonde\",\"https:\\\/\\\/www.linkedin.com\\\/company\\\/comuse-du-fier-monde?originalSubdomain=ca\"]}]}<\/script>\n<!-- \/ Yoast SEO plugin. -->","yoast_head_json":{"title":"Panel and Public Debate &#8211; \u00c9comus\u00e9e du fier monde","description":"Presented as part of our exhibition Vers un Qu\u00e9bec sans faim!, you are invited to attend a panel discussion of experts on food systems and rights followed by an electoral debate between candidates representing major parties in the upcoming provincial election.","robots":{"index":"index","follow":"follow","max-snippet":"max-snippet:-1","max-image-preview":"max-image-preview:large","max-video-preview":"max-video-preview:-1"},"canonical":"https:\/\/ecomusee.qc.ca\/en\/programmation\/benefit-auction-2026-3\/","og_locale":"en_US","og_type":"article","og_title":"Panel and Public Debate &#8211; \u00c9comus\u00e9e du fier monde","og_description":"Presented as part of our exhibition Vers un Qu\u00e9bec sans faim!, you are invited to attend a panel discussion of experts on food systems and rights followed by an electoral debate between candidates representing major parties in the upcoming provincial election.","og_url":"https:\/\/ecomusee.qc.ca\/en\/programmation\/benefit-auction-2026-3\/","og_site_name":"\u00c9comus\u00e9e du fier monde","article_publisher":"https:\/\/www.facebook.com\/Ecomuseedufiermonde","article_modified_time":"2026-08-19T14:06:39+00:00","og_image":[{"width":2560,"height":1703,"url":"https:\/\/ecomusee.qc.ca\/wp-content\/uploads\/2026\/08\/photodaphneebouchard-62.jpg","type":"image\/jpeg"}],"twitter_card":"summary_large_image","twitter_misc":{"Est. reading time":"2 minutes"},"schema":{"@context":"https:\/\/schema.org","@graph":[{"@type":"WebPage","@id":"https:\/\/ecomusee.qc.ca\/en\/programmation\/benefit-auction-2026-3\/","url":"https:\/\/ecomusee.qc.ca\/en\/programmation\/benefit-auction-2026-3\/","name":"Panel and Public Debate &#8211; \u00c9comus\u00e9e du fier monde","isPartOf":{"@id":"https:\/\/ecomusee.qc.ca\/en\/#website"},"primaryImageOfPage":{"@id":"https:\/\/ecomusee.qc.ca\/en\/programmation\/benefit-auction-2026-3\/#primaryimage"},"image":{"@id":"https:\/\/ecomusee.qc.ca\/en\/programmation\/benefit-auction-2026-3\/#primaryimage"},"thumbnailUrl":"https:\/\/ecomusee.qc.ca\/wp-content\/uploads\/2026\/08\/photodaphneebouchard-62.jpg","datePublished":"2026-08-11T20:11:44+00:00","dateModified":"2026-08-19T14:06:39+00:00","description":"Presented as part of our exhibition Vers un Qu\u00e9bec sans faim!, you are invited to attend a panel discussion of experts on food systems and rights followed by an electoral debate between candidates representing major parties in the upcoming provincial election.","breadcrumb":{"@id":"https:\/\/ecomusee.qc.ca\/en\/programmation\/benefit-auction-2026-3\/#breadcrumb"},"inLanguage":"en-US","potentialAction":[{"@type":"ReadAction","target":["https:\/\/ecomusee.qc.ca\/en\/programmation\/benefit-auction-2026-3\/"]}]},{"@type":"ImageObject","inLanguage":"en-US","@id":"https:\/\/ecomusee.qc.ca\/en\/programmation\/benefit-auction-2026-3\/#primaryimage","url":"https:\/\/ecomusee.qc.ca\/wp-content\/uploads\/2026\/08\/photodaphneebouchard-62.jpg","contentUrl":"https:\/\/ecomusee.qc.ca\/wp-content\/uploads\/2026\/08\/photodaphneebouchard-62.jpg","width":2560,"height":1703},{"@type":"BreadcrumbList","@id":"https:\/\/ecomusee.qc.ca\/en\/programmation\/benefit-auction-2026-3\/#breadcrumb","itemListElement":[{"@type":"ListItem","position":1,"name":"Home","item":"https:\/\/ecomusee.qc.ca\/en\/"},{"@type":"ListItem","position":2,"name":"Panel and Public Debate"}]},{"@type":"WebSite","@id":"https:\/\/ecomusee.qc.ca\/en\/#website","url":"https:\/\/ecomusee.qc.ca\/en\/","name":"\u00c9comus\u00e9e du fier monde","description":"History &amp; community museum","publisher":{"@id":"https:\/\/ecomusee.qc.ca\/en\/#organization"},"potentialAction":[{"@type":"SearchAction","target":{"@type":"EntryPoint","urlTemplate":"https:\/\/ecomusee.qc.ca\/en\/?s={search_term_string}"},"query-input":{"@type":"PropertyValueSpecification","valueRequired":true,"valueName":"search_term_string"}}],"inLanguage":"en-US"},{"@type":"Organization","@id":"https:\/\/ecomusee.qc.ca\/en\/#organization","name":"\u00c9comus\u00e9e du fier monde","url":"https:\/\/ecomusee.qc.ca\/en\/","logo":{"@type":"ImageObject","inLanguage":"en-US","@id":"https:\/\/ecomusee.qc.ca\/en\/#\/schema\/logo\/image\/","url":"https:\/\/ecomusee.qc.ca\/wp-content\/uploads\/2026\/04\/emfm-logo-rvb-horizontal-noir.png","contentUrl":"https:\/\/ecomusee.qc.ca\/wp-content\/uploads\/2026\/04\/emfm-logo-rvb-horizontal-noir.png","width":2205,"height":444,"caption":"\u00c9comus\u00e9e du fier monde"},"image":{"@id":"https:\/\/ecomusee.qc.ca\/en\/#\/schema\/logo\/image\/"},"sameAs":["https:\/\/www.facebook.com\/Ecomuseedufiermonde","https:\/\/www.instagram.com\/ecomusee.dufiermonde\/","https:\/\/bsky.app\/profile\/ecomuseefiermonde.bsky.social","https:\/\/www.youtube.com\/Ecomuseedufiermonde","https:\/\/www.linkedin.com\/company\/comuse-du-fier-monde?originalSubdomain=ca"]}]}},"_links":{"self":[{"href":"https:\/\/ecomusee.qc.ca\/en\/wp-json\/wp\/v2\/programmation\/3420","targetHints":{"allow":["GET"]}}],"collection":[{"href":"https:\/\/ecomusee.qc.ca\/en\/wp-json\/wp\/v2\/programmation"}],"about":[{"href":"https:\/\/ecomusee.qc.ca\/en\/wp-json\/wp\/v2\/types\/programmation"}],"version-history":[{"count":3,"href":"https:\/\/ecomusee.qc.ca\/en\/wp-json\/wp\/v2\/programmation\/3420\/revisions"}],"predecessor-version":[{"id":3457,"href":"https:\/\/ecomusee.qc.ca\/en\/wp-json\/wp\/v2\/programmation\/3420\/revisions\/3457"}],"wp:featuredmedia":[{"embeddable":true,"href":"https:\/\/ecomusee.qc.ca\/en\/wp-json\/wp\/v2\/media\/3424"}],"wp:attachment":[{"href":"https:\/\/ecomusee.qc.ca\/en\/wp-json\/wp\/v2\/media?parent=3420"}],"wp:term":[{"taxonomy":"programmation-categories","embeddable":true,"href":"https:\/\/ecomusee.qc.ca\/en\/wp-json\/wp\/v2\/programmation-categories?post=3420"},{"taxonomy":"programmation-horaire","embeddable":true,"href":"https:\/\/ecomusee.qc.ca\/en\/wp-json\/wp\/v2\/programmation-horaire?post=3420"}],"curies":[{"name":"wp","href":"https:\/\/api.w.org\/{rel}","templated":true}]}}